{"id":257,"date":"2022-06-20T04:15:09","date_gmt":"2022-06-20T02:15:09","guid":{"rendered":"http:\/\/dgrislq.cluster031.hosting.ovh.net\/?page_id=257"},"modified":"2024-10-10T03:02:00","modified_gmt":"2024-10-10T01:02:00","slug":"info-evenement","status":"publish","type":"page","link":"https:\/\/www.yvesmasquelier.com\/index.php\/info-evenement\/","title":{"rendered":"info evenement"},"content":{"rendered":"\t\t<div data-elementor-type=\"wp-page\" data-elementor-id=\"257\" class=\"elementor elementor-257\" data-elementor-post-type=\"page\">\n\t\t\t\t\t\t<section class=\"elementor-section elementor-top-section elementor-element elementor-element-386daafc elementor-section-boxed elementor-section-height-default elementor-section-height-default\" data-id=\"386daafc\" data-element_type=\"section\" data-e-type=\"section\" data-settings=\"{&quot;background_background&quot;:&quot;classic&quot;}\">\n\t\t\t\t\t\t\t<div class=\"elementor-background-overlay\"><\/div>\n\t\t\t\t\t\t\t<div class=\"elementor-container elementor-column-gap-default\">\n\t\t\t\t\t<div class=\"elementor-column elementor-col-100 elementor-top-column elementor-element elementor-element-60c48d86\" data-id=\"60c48d86\" data-element_type=\"column\" data-e-type=\"column\">\n\t\t\t<div class=\"elementor-widget-wrap elementor-element-populated\">\n\t\t\t\t\t\t<div class=\"elementor-element elementor-element-49d0dd6 elementor-widget elementor-widget-heading\" data-id=\"49d0dd6\" data-element_type=\"widget\" data-e-type=\"widget\" data-widget_type=\"heading.default\">\n\t\t\t\t<div class=\"elementor-widget-container\">\n\t\t\t\t\t<h2 class=\"elementor-heading-title elementor-size-default\">Info evenement<\/h2>\t\t\t\t<\/div>\n\t\t\t\t<\/div>\n\t\t\t\t<div class=\"elementor-element elementor-element-7d0feab4 elementor-widget elementor-widget-heading\" data-id=\"7d0feab4\" data-element_type=\"widget\" data-e-type=\"widget\" data-widget_type=\"heading.default\">\n\t\t\t\t<div class=\"elementor-widget-container\">\n\t\t\t\t\t<div class=\"elementor-heading-title elementor-size-default\">Evenement<\/div>\t\t\t\t<\/div>\n\t\t\t\t<\/div>\n\t\t\t\t\t<\/div>\n\t\t<\/div>\n\t\t\t\t\t<\/div>\n\t\t<\/section>\n\t\t<div class=\"elementor-element elementor-element-ccbb401 e-flex e-con-boxed e-con e-parent\" data-id=\"ccbb401\" data-element_type=\"container\" data-e-type=\"container\">\n\t\t\t\t\t<div class=\"e-con-inner\">\n\t\t<div class=\"elementor-element elementor-element-c5cd5ea e-con-full e-flex e-con e-child\" data-id=\"c5cd5ea\" data-element_type=\"container\" data-e-type=\"container\">\n\t\t\t\t<\/div>\n\t\t<div class=\"elementor-element elementor-element-b167a17 e-con-full e-flex e-con e-child\" data-id=\"b167a17\" data-element_type=\"container\" data-e-type=\"container\">\n\t\t\t\t<div class=\"elementor-element elementor-element-471d285 elementor-widget elementor-widget-heading\" data-id=\"471d285\" data-element_type=\"widget\" data-e-type=\"widget\" data-widget_type=\"heading.default\">\n\t\t\t\t<div class=\"elementor-widget-container\">\n\t\t\t\t\t<h2 class=\"elementor-heading-title elementor-size-default\">La vie est une f\u00eate<\/h2>\t\t\t\t<\/div>\n\t\t\t\t<\/div>\n\t\t\t\t<div class=\"elementor-element elementor-element-3806399 elementor-widget elementor-widget-text-editor\" data-id=\"3806399\" data-element_type=\"widget\" data-e-type=\"widget\" data-widget_type=\"text-editor.default\">\n\t\t\t\t<div class=\"elementor-widget-container\">\n\t\t\t\t\t\t\t\t\t<p><span style=\"text-align: var(--text-align);\">Dans un monde o\u00f9 chaque moment compte, la photographie \u00e9v\u00e9nementielle se r\u00e9v\u00e8le \u00eatre un outil puissant pour immortaliser vos souvenirs les plus pr\u00e9cieux. Que ce soit un mariage, une soir\u00e9e d&#8217;entreprise, un anniversaire, un bapt\u00e8me, une babyshower ou un lancement de produit, chaque \u00e9v\u00e9nement a son histoire unique \u00e0 raconter et \u00e0 immortaliser<\/span><span style=\"text-align: var(--text-align);\">.<\/span><\/p>\t\t\t\t\t\t\t\t<\/div>\n\t\t\t\t<\/div>\n\t\t\t\t<div class=\"elementor-element elementor-element-f45d7c5 elementor-widget elementor-widget-heading\" data-id=\"f45d7c5\" data-element_type=\"widget\" data-e-type=\"widget\" data-widget_type=\"heading.default\">\n\t\t\t\t<div class=\"elementor-widget-container\">\n\t\t\t\t\t<h4 class=\"elementor-heading-title elementor-size-default\">Pourquoi choisir la photographie \u00e9v\u00e9nementielle ?<\/h4>\t\t\t\t<\/div>\n\t\t\t\t<\/div>\n\t\t\t\t<div class=\"elementor-element elementor-element-8c2b641 elementor-widget elementor-widget-text-editor\" data-id=\"8c2b641\" data-element_type=\"widget\" data-e-type=\"widget\" data-widget_type=\"text-editor.default\">\n\t\t\t\t<div class=\"elementor-widget-container\">\n\t\t\t\t\t\t\t\t\t<ol><li><p><strong>Immortalisation des Moments Cl\u00e9s<\/strong>\u00a0: Les sourires, les \u00e9clats de rire, les instants d&#8217;\u00e9motion \u2014 notre objectif se fait le t\u00e9moin privil\u00e9gi\u00e9 de chaque instant significatif.<\/p><\/li><li><p><strong>Professionnalisme et Cr\u00e9ativit\u00e9<\/strong>\u00a0: En tant que photographe exp\u00e9riment\u00e9, j&#8217;allie technique et sensibilit\u00e9 artistique pour cr\u00e9er des images qui refl\u00e8tent l&#8217;atmosph\u00e8re de votre \u00e9v\u00e9nement, tout en capturant des d\u00e9tails souvent n\u00e9glig\u00e9s.<\/p><\/li><li><p><strong>Un Regard Unique<\/strong>\u00a0: Chaque \u00e9v\u00e9nement est diff\u00e9rent. je m&#8217;engage \u00e0 comprendre vos besoins sp\u00e9cifiques et \u00e0 adapter mon approche pour offrir des clich\u00e9s qui vous ressemblent.<\/p><\/li><li><p><strong>Partage et Souvenirs<\/strong>\u00a0: Les photos ne sont pas seulement des images, elles racontent une histoire. Partagez-les avec vos invit\u00e9s et revivez ensemble ces moments magiques.<\/p><\/li><li><p><strong>Qualit\u00e9 et Disponibilit\u00e9<\/strong>\u00a0: Avec un \u00e9quipement de pointe et un savoir-faire \u00e9prouv\u00e9, je vous garanti des photos de haute qualit\u00e9, pr\u00eates \u00e0 \u00eatre partag\u00e9es.<\/p><\/li><\/ol>\t\t\t\t\t\t\t\t<\/div>\n\t\t\t\t<\/div>\n\t\t\t\t<div class=\"elementor-element elementor-element-de7f1a2 elementor-widget elementor-widget-heading\" data-id=\"de7f1a2\" data-element_type=\"widget\" data-e-type=\"widget\" data-widget_type=\"heading.default\">\n\t\t\t\t<div class=\"elementor-widget-container\">\n\t\t\t\t\t<h3 class=\"elementor-heading-title elementor-size-default\">Votre \u00e9v\u00e9nement m\u00e9rite d'\u00eatre c\u00e9l\u00e9br\u00e9 avec style !<\/h3>\t\t\t\t<\/div>\n\t\t\t\t<\/div>\n\t\t\t\t<div class=\"elementor-element elementor-element-67bfa90 elementor-widget elementor-widget-text-editor\" data-id=\"67bfa90\" data-element_type=\"widget\" data-e-type=\"widget\" data-widget_type=\"text-editor.default\">\n\t\t\t\t<div class=\"elementor-widget-container\">\n\t\t\t\t\t\t\t\t\t<p><span style=\"text-align: var(--text-align);\">Ne laissez pas ces instants pr\u00e9cieux s&#8217;\u00e9vanouir dans le temps. Choisissez la photographie \u00e9v\u00e9nementielle pour capturer l&#8217;\u00e9motion et l&#8217;\u00e9nergie de votre \u00e9v\u00e9nement.\u00a0<\/span><\/p><p>Contactez-moi d\u00e8s aujourd&#8217;hui pour discuter de votre projet et d\u00e9couvrir comment je pourrais le rendre inoubliable !<\/p><p>Ensemble, faisons de votre \u00e9v\u00e9nement un souvenir \u00e9ternel<\/p>\t\t\t\t\t\t\t\t<\/div>\n\t\t\t\t<\/div>\n\t\t\t\t<\/div>\n\t\t<div class=\"elementor-element elementor-element-0adf60f e-con-full e-flex e-con e-child\" data-id=\"0adf60f\" data-element_type=\"container\" data-e-type=\"container\">\n\t\t\t\t<\/div>\n\t\t\t\t\t<\/div>\n\t\t\t\t<\/div>\n\t\t<div class=\"elementor-element elementor-element-726c66b e-flex e-con-boxed e-con e-parent\" data-id=\"726c66b\" data-element_type=\"container\" data-e-type=\"container\">\n\t\t\t\t\t<div class=\"e-con-inner\">\n\t\t\t\t<div class=\"elementor-element elementor-element-34c0add elementor-widget elementor-widget-image\" data-id=\"34c0add\" data-element_type=\"widget\" data-e-type=\"widget\" data-widget_type=\"image.default\">\n\t\t\t\t<div class=\"elementor-widget-container\">\n\t\t\t\t\t\t\t\t\t\t\t\t\t\t\t<img fetchpriority=\"high\" decoding=\"async\" width=\"800\" height=\"533\" src=\"https:\/\/www.yvesmasquelier.com\/wp-content\/uploads\/2024\/10\/camera-crew-with-professional-camera-in-studio-1024x682.jpg\" class=\"attachment-large size-large wp-image-1689\" alt=\"Camera crew with professional camera in studio\" srcset=\"https:\/\/www.yvesmasquelier.com\/wp-content\/uploads\/2024\/10\/camera-crew-with-professional-camera-in-studio-1024x682.jpg 1024w, https:\/\/www.yvesmasquelier.com\/wp-content\/uploads\/2024\/10\/camera-crew-with-professional-camera-in-studio-300x200.jpg 300w, https:\/\/www.yvesmasquelier.com\/wp-content\/uploads\/2024\/10\/camera-crew-with-professional-camera-in-studio-768x512.jpg 768w, https:\/\/www.yvesmasquelier.com\/wp-content\/uploads\/2024\/10\/camera-crew-with-professional-camera-in-studio-1536x1024.jpg 1536w, https:\/\/www.yvesmasquelier.com\/wp-content\/uploads\/2024\/10\/camera-crew-with-professional-camera-in-studio.jpg 2000w\" sizes=\"(max-width: 800px) 100vw, 800px\" \/>\t\t\t\t\t\t\t\t\t\t\t\t\t\t\t<\/div>\n\t\t\t\t<\/div>\n\t\t\t\t\t<\/div>\n\t\t\t\t<\/div>\n\t\t<div class=\"elementor-element elementor-element-0b7a541 e-flex e-con-boxed e-con e-parent\" data-id=\"0b7a541\" data-element_type=\"container\" data-e-type=\"container\">\n\t\t\t\t\t<div class=\"e-con-inner\">\n\t\t\t\t<div class=\"elementor-element elementor-element-bc9aec7 elementor-align-center elementor-widget elementor-widget-button\" data-id=\"bc9aec7\" data-element_type=\"widget\" data-e-type=\"widget\" data-widget_type=\"button.default\">\n\t\t\t\t<div class=\"elementor-widget-container\">\n\t\t\t\t\t\t\t\t\t<div class=\"elementor-button-wrapper\">\n\t\t\t\t\t<a class=\"elementor-button elementor-button-link elementor-size-sm\" href=\"https:\/\/www.yvesmasquelier.com\/index.php\/portfolio-event\/\">\n\t\t\t\t\t\t<span class=\"elementor-button-content-wrapper\">\n\t\t\t\t\t\t\t\t\t<span class=\"elementor-button-text\">Voir portfolio<\/span>\n\t\t\t\t\t<\/span>\n\t\t\t\t\t<\/a>\n\t\t\t\t<\/div>\n\t\t\t\t\t\t\t\t<\/div>\n\t\t\t\t<\/div>\n\t\t\t\t\t<\/div>\n\t\t\t\t<\/div>\n\t\t<div class=\"elementor-element elementor-element-3242ae1 e-flex e-con-boxed e-con e-parent\" data-id=\"3242ae1\" data-element_type=\"container\" data-e-type=\"container\">\n\t\t\t\t\t<div class=\"e-con-inner\">\n\t\t\t\t<div class=\"elementor-element elementor-element-fac81da elementor-widget-divider--view-line elementor-widget elementor-widget-divider\" data-id=\"fac81da\" data-element_type=\"widget\" data-e-type=\"widget\" data-widget_type=\"divider.default\">\n\t\t\t\t<div class=\"elementor-widget-container\">\n\t\t\t\t\t\t\t<div class=\"elementor-divider\">\n\t\t\t<span class=\"elementor-divider-separator\">\n\t\t\t\t\t\t<\/span>\n\t\t<\/div>\n\t\t\t\t\t\t<\/div>\n\t\t\t\t<\/div>\n\t\t\t\t\t<\/div>\n\t\t\t\t<\/div>\n\t\t<div class=\"elementor-element elementor-element-3d98d40 e-flex e-con-boxed e-con e-parent\" data-id=\"3d98d40\" data-element_type=\"container\" data-e-type=\"container\">\n\t\t\t\t\t<div class=\"e-con-inner\">\n\t\t\t\t<div class=\"elementor-element elementor-element-7a2496b elementor-widget elementor-widget-heading\" data-id=\"7a2496b\" data-element_type=\"widget\" data-e-type=\"widget\" data-widget_type=\"heading.default\">\n\t\t\t\t<div class=\"elementor-widget-container\">\n\t\t\t\t\t<h2 class=\"elementor-heading-title elementor-size-default\">Ensemble, faisons de votre \u00e9v\u00e9nement un souvenir \u00e9ternel.<\/h2>\t\t\t\t<\/div>\n\t\t\t\t<\/div>\n\t\t\t\t\t<\/div>\n\t\t\t\t<\/div>\n\t\t\t\t<\/div>\n\t\t","protected":false},"excerpt":{"rendered":"<p>Info evenement Evenement La vie est une f\u00eate Dans un monde o\u00f9 chaque moment compte, la photographie \u00e9v\u00e9nementielle se r\u00e9v\u00e8le \u00eatre un outil puissant pour immortaliser vos souvenirs les plus pr\u00e9cieux. Que ce soit un mariage, une soir\u00e9e d&#8217;entreprise, un anniversaire, un bapt\u00e8me, une babyshower ou un lancement de produit, chaque \u00e9v\u00e9nement a son histoire [&hellip;]<\/p>\n","protected":false},"author":1,"featured_media":797,"parent":0,"menu_order":0,"comment_status":"closed","ping_status":"closed","template":"elementor_header_footer","meta":{"_eb_attr":"","om_disable_all_campaigns":false,"_monsterinsights_skip_tracking":false,"_monsterinsights_sitenote_active":false,"_monsterinsights_sitenote_note":"","_monsterinsights_sitenote_category":0,"footnotes":""},"class_list":["post-257","page","type-page","status-publish","has-post-thumbnail","hentry"],"yoast_head":"<!-- This site is optimized with the Yoast SEO plugin v25.7 - https:\/\/yoast.com\/wordpress\/plugins\/seo\/ -->\n<title>Yves Masquelier Photographe\/vid\u00e9aste - Info reportage \u00e9venement<\/title>\n<meta name=\"description\" content=\"Ici vous trouverez toutes les informations n\u00e9cessaires sur la mani\u00e8re dont je travail lors des reportages photos des \u00e9venements\" \/>\n<meta name=\"robots\" content=\"index, follow, max-snippet:-1, max-image-preview:large, max-video-preview:-1\" \/>\n<link rel=\"canonical\" href=\"https:\/\/www.yvesmasquelier.com\/index.php\/info-evenement\/\" \/>\n<meta property=\"og:locale\" content=\"fr_FR\" \/>\n<meta property=\"og:type\" content=\"article\" \/>\n<meta property=\"og:title\" content=\"Yves Masquelier Photographe\/vid\u00e9aste - Info reportage \u00e9venement\" \/>\n<meta property=\"og:description\" content=\"Ici vous trouverez toutes les informations n\u00e9cessaires sur la mani\u00e8re dont je travail lors des reportages photos des \u00e9venements\" \/>\n<meta property=\"og:url\" content=\"https:\/\/www.yvesmasquelier.com\/index.php\/info-evenement\/\" \/>\n<meta property=\"og:site_name\" content=\"Yves Masquelier\" \/>\n<meta property=\"article:modified_time\" content=\"2024-10-10T01:02:00+00:00\" \/>\n<meta property=\"og:image\" content=\"https:\/\/www.yvesmasquelier.com\/wp-content\/uploads\/2024\/05\/Mpu-day-2023-174-scaled.jpg\" \/>\n\t<meta property=\"og:image:width\" content=\"2560\" \/>\n\t<meta property=\"og:image:height\" content=\"1707\" \/>\n\t<meta property=\"og:image:type\" content=\"image\/jpeg\" \/>\n<meta name=\"twitter:card\" content=\"summary_large_image\" \/>\n<meta name=\"twitter:label1\" content=\"Dur\u00e9e de lecture estim\u00e9e\" \/>\n\t<meta name=\"twitter:data1\" content=\"2 minutes\" \/>\n<script type=\"application\/ld+json\" class=\"yoast-schema-graph\">{\"@context\":\"https:\/\/schema.org\",\"@graph\":[{\"@type\":\"WebPage\",\"@id\":\"https:\/\/www.yvesmasquelier.com\/index.php\/info-evenement\/\",\"url\":\"https:\/\/www.yvesmasquelier.com\/index.php\/info-evenement\/\",\"name\":\"Yves Masquelier Photographe\/vid\u00e9aste - Info reportage \u00e9venement\",\"isPartOf\":{\"@id\":\"https:\/\/www.yvesmasquelier.com\/#website\"},\"primaryImageOfPage\":{\"@id\":\"https:\/\/www.yvesmasquelier.com\/index.php\/info-evenement\/#primaryimage\"},\"image\":{\"@id\":\"https:\/\/www.yvesmasquelier.com\/index.php\/info-evenement\/#primaryimage\"},\"thumbnailUrl\":\"https:\/\/www.yvesmasquelier.com\/wp-content\/uploads\/2024\/05\/Mpu-day-2023-174-scaled.jpg\",\"datePublished\":\"2022-06-20T02:15:09+00:00\",\"dateModified\":\"2024-10-10T01:02:00+00:00\",\"description\":\"Ici vous trouverez toutes les informations n\u00e9cessaires sur la mani\u00e8re dont je travail lors des reportages photos des \u00e9venements\",\"breadcrumb\":{\"@id\":\"https:\/\/www.yvesmasquelier.com\/index.php\/info-evenement\/#breadcrumb\"},\"inLanguage\":\"fr-FR\",\"potentialAction\":[{\"@type\":\"ReadAction\",\"target\":[\"https:\/\/www.yvesmasquelier.com\/index.php\/info-evenement\/\"]}]},{\"@type\":\"ImageObject\",\"inLanguage\":\"fr-FR\",\"@id\":\"https:\/\/www.yvesmasquelier.com\/index.php\/info-evenement\/#primaryimage\",\"url\":\"https:\/\/www.yvesmasquelier.com\/wp-content\/uploads\/2024\/05\/Mpu-day-2023-174-scaled.jpg\",\"contentUrl\":\"https:\/\/www.yvesmasquelier.com\/wp-content\/uploads\/2024\/05\/Mpu-day-2023-174-scaled.jpg\",\"width\":2560,\"height\":1707},{\"@type\":\"BreadcrumbList\",\"@id\":\"https:\/\/www.yvesmasquelier.com\/index.php\/info-evenement\/#breadcrumb\",\"itemListElement\":[{\"@type\":\"ListItem\",\"position\":1,\"name\":\"Accueil\",\"item\":\"https:\/\/www.yvesmasquelier.com\/\"},{\"@type\":\"ListItem\",\"position\":2,\"name\":\"info evenement\"}]},{\"@type\":\"WebSite\",\"@id\":\"https:\/\/www.yvesmasquelier.com\/#website\",\"url\":\"https:\/\/www.yvesmasquelier.com\/\",\"name\":\"Yves Masquelier Photographe\/vid\u00e9aste\",\"description\":\"Photographe\/vid\u00e9aste Evenementiel Mariage Lifestyle\",\"publisher\":{\"@id\":\"https:\/\/www.yvesmasquelier.com\/#organization\"},\"alternateName\":\"Yves Masquelier\",\"potentialAction\":[{\"@type\":\"SearchAction\",\"target\":{\"@type\":\"EntryPoint\",\"urlTemplate\":\"https:\/\/www.yvesmasquelier.com\/?s={search_term_string}\"},\"query-input\":{\"@type\":\"PropertyValueSpecification\",\"valueRequired\":true,\"valueName\":\"search_term_string\"}}],\"inLanguage\":\"fr-FR\"},{\"@type\":\"Organization\",\"@id\":\"https:\/\/www.yvesmasquelier.com\/#organization\",\"name\":\"Yves Masquelier Photographe\/vid\u00e9aste\",\"url\":\"https:\/\/www.yvesmasquelier.com\/\",\"logo\":{\"@type\":\"ImageObject\",\"inLanguage\":\"fr-FR\",\"@id\":\"https:\/\/www.yvesmasquelier.com\/#\/schema\/logo\/image\/\",\"url\":\"https:\/\/www.yvesmasquelier.com\/wp-content\/uploads\/2022\/02\/cropped-logo-yves-masquelier2-1.png\",\"contentUrl\":\"https:\/\/www.yvesmasquelier.com\/wp-content\/uploads\/2022\/02\/cropped-logo-yves-masquelier2-1.png\",\"width\":800,\"height\":300,\"caption\":\"Yves Masquelier Photographe\/vid\u00e9aste\"},\"image\":{\"@id\":\"https:\/\/www.yvesmasquelier.com\/#\/schema\/logo\/image\/\"}}]}<\/script>\n<!-- \/ Yoast SEO plugin. -->","yoast_head_json":{"title":"Yves Masquelier Photographe\/vid\u00e9aste - Info reportage \u00e9venement","description":"Ici vous trouverez toutes les informations n\u00e9cessaires sur la mani\u00e8re dont je travail lors des reportages photos des \u00e9venements","robots":{"index":"index","follow":"follow","max-snippet":"max-snippet:-1","max-image-preview":"max-image-preview:large","max-video-preview":"max-video-preview:-1"},"canonical":"https:\/\/www.yvesmasquelier.com\/index.php\/info-evenement\/","og_locale":"fr_FR","og_type":"article","og_title":"Yves Masquelier Photographe\/vid\u00e9aste - Info reportage \u00e9venement","og_description":"Ici vous trouverez toutes les informations n\u00e9cessaires sur la mani\u00e8re dont je travail lors des reportages photos des \u00e9venements","og_url":"https:\/\/www.yvesmasquelier.com\/index.php\/info-evenement\/","og_site_name":"Yves Masquelier","article_modified_time":"2024-10-10T01:02:00+00:00","og_image":[{"width":2560,"height":1707,"url":"https:\/\/www.yvesmasquelier.com\/wp-content\/uploads\/2024\/05\/Mpu-day-2023-174-scaled.jpg","type":"image\/jpeg"}],"twitter_card":"summary_large_image","twitter_misc":{"Dur\u00e9e de lecture estim\u00e9e":"2 minutes"},"schema":{"@context":"https:\/\/schema.org","@graph":[{"@type":"WebPage","@id":"https:\/\/www.yvesmasquelier.com\/index.php\/info-evenement\/","url":"https:\/\/www.yvesmasquelier.com\/index.php\/info-evenement\/","name":"Yves Masquelier Photographe\/vid\u00e9aste - Info reportage \u00e9venement","isPartOf":{"@id":"https:\/\/www.yvesmasquelier.com\/#website"},"primaryImageOfPage":{"@id":"https:\/\/www.yvesmasquelier.com\/index.php\/info-evenement\/#primaryimage"},"image":{"@id":"https:\/\/www.yvesmasquelier.com\/index.php\/info-evenement\/#primaryimage"},"thumbnailUrl":"https:\/\/www.yvesmasquelier.com\/wp-content\/uploads\/2024\/05\/Mpu-day-2023-174-scaled.jpg","datePublished":"2022-06-20T02:15:09+00:00","dateModified":"2024-10-10T01:02:00+00:00","description":"Ici vous trouverez toutes les informations n\u00e9cessaires sur la mani\u00e8re dont je travail lors des reportages photos des \u00e9venements","breadcrumb":{"@id":"https:\/\/www.yvesmasquelier.com\/index.php\/info-evenement\/#breadcrumb"},"inLanguage":"fr-FR","potentialAction":[{"@type":"ReadAction","target":["https:\/\/www.yvesmasquelier.com\/index.php\/info-evenement\/"]}]},{"@type":"ImageObject","inLanguage":"fr-FR","@id":"https:\/\/www.yvesmasquelier.com\/index.php\/info-evenement\/#primaryimage","url":"https:\/\/www.yvesmasquelier.com\/wp-content\/uploads\/2024\/05\/Mpu-day-2023-174-scaled.jpg","contentUrl":"https:\/\/www.yvesmasquelier.com\/wp-content\/uploads\/2024\/05\/Mpu-day-2023-174-scaled.jpg","width":2560,"height":1707},{"@type":"BreadcrumbList","@id":"https:\/\/www.yvesmasquelier.com\/index.php\/info-evenement\/#breadcrumb","itemListElement":[{"@type":"ListItem","position":1,"name":"Accueil","item":"https:\/\/www.yvesmasquelier.com\/"},{"@type":"ListItem","position":2,"name":"info evenement"}]},{"@type":"WebSite","@id":"https:\/\/www.yvesmasquelier.com\/#website","url":"https:\/\/www.yvesmasquelier.com\/","name":"Yves Masquelier Photographe\/vid\u00e9aste","description":"Photographe\/vid\u00e9aste Evenementiel Mariage Lifestyle","publisher":{"@id":"https:\/\/www.yvesmasquelier.com\/#organization"},"alternateName":"Yves Masquelier","potentialAction":[{"@type":"SearchAction","target":{"@type":"EntryPoint","urlTemplate":"https:\/\/www.yvesmasquelier.com\/?s={search_term_string}"},"query-input":{"@type":"PropertyValueSpecification","valueRequired":true,"valueName":"search_term_string"}}],"inLanguage":"fr-FR"},{"@type":"Organization","@id":"https:\/\/www.yvesmasquelier.com\/#organization","name":"Yves Masquelier Photographe\/vid\u00e9aste","url":"https:\/\/www.yvesmasquelier.com\/","logo":{"@type":"ImageObject","inLanguage":"fr-FR","@id":"https:\/\/www.yvesmasquelier.com\/#\/schema\/logo\/image\/","url":"https:\/\/www.yvesmasquelier.com\/wp-content\/uploads\/2022\/02\/cropped-logo-yves-masquelier2-1.png","contentUrl":"https:\/\/www.yvesmasquelier.com\/wp-content\/uploads\/2022\/02\/cropped-logo-yves-masquelier2-1.png","width":800,"height":300,"caption":"Yves Masquelier Photographe\/vid\u00e9aste"},"image":{"@id":"https:\/\/www.yvesmasquelier.com\/#\/schema\/logo\/image\/"}}]}},"_links":{"self":[{"href":"https:\/\/www.yvesmasquelier.com\/index.php\/wp-json\/wp\/v2\/pages\/257","targetHints":{"allow":["GET"]}}],"collection":[{"href":"https:\/\/www.yvesmasquelier.com\/index.php\/wp-json\/wp\/v2\/pages"}],"about":[{"href":"https:\/\/www.yvesmasquelier.com\/index.php\/wp-json\/wp\/v2\/types\/page"}],"author":[{"embeddable":true,"href":"https:\/\/www.yvesmasquelier.com\/index.php\/wp-json\/wp\/v2\/users\/1"}],"replies":[{"embeddable":true,"href":"https:\/\/www.yvesmasquelier.com\/index.php\/wp-json\/wp\/v2\/comments?post=257"}],"version-history":[{"count":36,"href":"https:\/\/www.yvesmasquelier.com\/index.php\/wp-json\/wp\/v2\/pages\/257\/revisions"}],"predecessor-version":[{"id":1695,"href":"https:\/\/www.yvesmasquelier.com\/index.php\/wp-json\/wp\/v2\/pages\/257\/revisions\/1695"}],"wp:featuredmedia":[{"embeddable":true,"href":"https:\/\/www.yvesmasquelier.com\/index.php\/wp-json\/wp\/v2\/media\/797"}],"wp:attachment":[{"href":"https:\/\/www.yvesmasquelier.com\/index.php\/wp-json\/wp\/v2\/media?parent=257"}],"curies":[{"name":"wp","href":"https:\/\/api.w.org\/{rel}","templated":true}]}}